{"id":413,"date":"2016-09-08T15:01:49","date_gmt":"2016-09-08T13:01:49","guid":{"rendered":"https:\/\/wordpress-783423-2671269.cloudwaysapps.com\/?page_id=413"},"modified":"2024-01-28T18:44:57","modified_gmt":"2024-01-28T17:44:57","slug":"interims-sprecher","status":"publish","type":"page","link":"https:\/\/dev.cometis.de\/de\/services\/mergers-acquisitions\/interims-sprecher\/","title":{"rendered":"Interims-Sprecher"},"content":{"rendered":"<p>[et_pb_section fb_built=&#8220;1&#8243; _builder_version=&#8220;4.16&#8243; _module_preset=&#8220;default&#8220; custom_padding=&#8220;1em||1em||true|false&#8220; da_disable_devices=&#8220;off|off|off&#8220; locked=&#8220;off&#8220; global_colors_info=&#8220;{}&#8220; da_is_popup=&#8220;off&#8220; da_exit_intent=&#8220;off&#8220; da_has_close=&#8220;on&#8220; da_alt_close=&#8220;off&#8220; da_dark_close=&#8220;off&#8220; da_not_modal=&#8220;on&#8220; da_is_singular=&#8220;off&#8220; da_with_loader=&#8220;off&#8220; da_has_shadow=&#8220;on&#8220;][et_pb_row custom_padding_last_edited=&#8220;on|phone&#8220; _builder_version=&#8220;4.16&#8243; _module_preset=&#8220;default&#8220; background_image=&#8220;https:\/\/dev.cometis.de\/wp-content\/uploads\/2022\/01\/Our-Team-Background-1.jpg&#8220; width_tablet=&#8220;100%&#8220; width_phone=&#8220;100%&#8220; width_last_edited=&#8220;on|tablet&#8220; max_width_tablet=&#8220;100%&#8220; max_width_phone=&#8220;100%&#8220; max_width_last_edited=&#8220;on|tablet&#8220; custom_padding=&#8220;4em||4em||true|false&#8220; custom_padding_tablet=&#8220;4em||4em||true|false&#8220; custom_padding_phone=&#8220;3em||3em||true|false&#8220; background_color_tablet=&#8220;#03314B&#8220; background_last_edited=&#8220;on|phone&#8220; background_enable_color_tablet=&#8220;on&#8220; background_size_tablet=&#8220;contain&#8220; global_colors_info=&#8220;{}&#8220;][et_pb_column type=&#8220;4_4&#8243; _builder_version=&#8220;4.16&#8243; _module_preset=&#8220;default&#8220; global_colors_info=&#8220;{}&#8220;][et_pb_text module_class=&#8220;custom-effect2&#8243; _builder_version=&#8220;4.16&#8243; _module_preset=&#8220;default&#8220; text_font=&#8220;|700|||||||&#8220; header_font=&#8220;|700||on|||||&#8220; header_text_align=&#8220;center&#8220; header_text_color=&#8220;#FFFFFF&#8220; header_font_size=&#8220;5.5vw&#8220; header_letter_spacing=&#8220;0.1em&#8220; width=&#8220;50%&#8220; width_tablet=&#8220;&#8220; width_phone=&#8220;&#8220; width_last_edited=&#8220;on|tablet&#8220; module_alignment=&#8220;center&#8220; header_font_size_tablet=&#8220;7vw&#8220; header_font_size_phone=&#8220;10vw&#8220; header_font_size_last_edited=&#8220;on|phone&#8220; global_colors_info=&#8220;{}&#8220;]<\/p>\n<h1>Interims Sprecher<\/h1>\n<p>[\/et_pb_text][\/et_pb_column][\/et_pb_row][et_pb_row disabled_on=&#8220;on|off|off&#8220; _builder_version=&#8220;4.16&#8243; _module_preset=&#8220;default&#8220; width_tablet=&#8220;90%&#8220; width_phone=&#8220;90%&#8220; width_last_edited=&#8220;on|tablet&#8220; custom_padding=&#8220;1em||1em||true|false&#8220; border_width_bottom=&#8220;1px&#8220; border_color_bottom=&#8220;gcid-6edbe0b7-1ede-49dc-94fd-3c0b42ff5dbd&#8220; global_colors_info=&#8220;{%22gcid-6edbe0b7-1ede-49dc-94fd-3c0b42ff5dbd%22:%91%22border_color_bottom%22%93}&#8220;][et_pb_column type=&#8220;4_4&#8243; _builder_version=&#8220;4.16&#8243; _module_preset=&#8220;default&#8220; global_colors_info=&#8220;{}&#8220;][lwp_divi_breadcrumbs _builder_version=&#8220;4.16&#8243; _module_preset=&#8220;default&#8220; module_font=&#8220;|300|||||||&#8220; module_letter_spacing=&#8220;0.5px&#8220; global_colors_info=&#8220;{}&#8220;][\/lwp_divi_breadcrumbs][\/et_pb_column][\/et_pb_row][\/et_pb_section][et_pb_section fb_built=&#8220;1&#8243; use_custom_gutter=&#8220;on&#8220; gutter_width=&#8220;1&#8243; specialty=&#8220;on&#8220; custom_padding_last_edited=&#8220;on|phone&#8220; padding_right_1=&#8220;8em&#8220; padding_top_bottom_link_1=&#8220;false&#8220; padding_top_bottom_link_2=&#8220;false&#8220; padding_left_right_link_1=&#8220;false&#8220; padding_left_right_link_2=&#8220;false&#8220; padding_1_tablet=&#8220;&#8220; padding_2_tablet=&#8220;&#8220; padding_1_phone=&#8220;&#8220; padding_2_phone=&#8220;&#8220; padding_1_last_edited=&#8220;on|desktop&#8220; padding_2_last_edited=&#8220;on|desktop&#8220; module_id=&#8220;special&#8211;section&#8220; _builder_version=&#8220;4.16&#8243; _module_preset=&#8220;default&#8220; background_color=&#8220;RGBA(255,255,255,0)&#8220; background_enable_image=&#8220;off&#8220; parallax=&#8220;on&#8220; z_index=&#8220;2&#8243; width_tablet=&#8220;90%&#8220; width_phone=&#8220;90%&#8220; width_last_edited=&#8220;off|desktop&#8220; module_alignment=&#8220;center&#8220; inner_width_tablet=&#8220;&#8220; inner_width_phone=&#8220;90%&#8220; inner_width_last_edited=&#8220;on|phone&#8220; custom_padding=&#8220;6em||6em||true|false&#8220; custom_padding_tablet=&#8220;3em||3em||true|false&#8220; custom_padding_phone=&#8220;0em||4em||false|false&#8220; background_last_edited=&#8220;on|phone&#8220; background_image_tablet=&#8220;https:\/\/dev.cometis.de\/wp-content\/uploads\/2022\/01\/Mask-Group-10-1-1.png&#8220; background_enable_image_tablet=&#8220;on&#8220; da_disable_devices=&#8220;off|off|off&#8220; locked=&#8220;off&#8220; global_colors_info=&#8220;{}&#8220; da_is_popup=&#8220;off&#8220; da_exit_intent=&#8220;off&#8220; da_has_close=&#8220;on&#8220; da_alt_close=&#8220;off&#8220; da_dark_close=&#8220;off&#8220; da_not_modal=&#8220;on&#8220; da_is_singular=&#8220;off&#8220; da_with_loader=&#8220;off&#8220; da_has_shadow=&#8220;on&#8220;][et_pb_column type=&#8220;1_3&#8243; _builder_version=&#8220;4.16&#8243; custom_padding=&#8220;|||&#8220; global_colors_info=&#8220;{}&#8220; custom_padding__hover=&#8220;|||&#8220;][et_pb_menu menu_id=&#8220;29&#8243; active_link_color=&#8220;#B53841&#8243; dropdown_menu_line_color=&#8220;RGBA(255,255,255,0)&#8220; dropdown_menu_active_link_color=&#8220;#B53841&#8243; disabled_on=&#8220;on|on|off&#8220; module_id=&#8220;vertical&#8220; module_class=&#8220;pa-vertical-menu&#8220; _builder_version=&#8220;4.16&#8243; _module_preset=&#8220;default&#8220; menu_font=&#8220;|600||on|||||&#8220; menu_font_size=&#8220;16px&#8220; menu_letter_spacing=&#8220;1px&#8220; menu_line_height=&#8220;1.6em&#8220; background_color=&#8220;RGBA(255,255,255,0)&#8220; text_orientation=&#8220;right&#8220; custom_padding=&#8220;||||false|false&#8220; locked=&#8220;off&#8220; global_colors_info=&#8220;{}&#8220;][\/et_pb_menu][\/et_pb_column][et_pb_column type=&#8220;2_3&#8243; specialty_columns=&#8220;2&#8243; _builder_version=&#8220;4.16&#8243; custom_padding=&#8220;|||&#8220; global_colors_info=&#8220;{}&#8220; custom_padding__hover=&#8220;|||&#8220;][et_pb_row_inner custom_padding_last_edited=&#8220;on|phone&#8220; _builder_version=&#8220;4.16&#8243; _module_preset=&#8220;default&#8220; custom_padding=&#8220;|10em|0px||false|false&#8220; custom_padding_tablet=&#8220;|1em|0px||false|false&#8220; custom_padding_phone=&#8220;|0em|0px|0em|false|true&#8220; global_colors_info=&#8220;{}&#8220;][et_pb_column_inner saved_specialty_column_type=&#8220;3_4&#8243; _builder_version=&#8220;4.16&#8243; _module_preset=&#8220;default&#8220; global_colors_info=&#8220;{}&#8220;][et_pb_cta title=&#8220;Interims-Sprecher im M&#038;A-Prozess&#8220; button_url=&#8220;\/de\/cometis-ag\/referenzen\/mergers-and-acquisitions-referenzen&#8220; button_text=&#8220;Unsere Referenzen&#8220; module_class=&#8220;et-js-tiltb&#8220; _builder_version=&#8220;4.23.1&#8243; _module_preset=&#8220;default&#8220; header_font=&#8220;|700||on|||||&#8220; header_font_size=&#8220;2.15vw&#8220; body_font=&#8220;|300|||||||&#8220; body_font_size=&#8220;20px&#8220; body_line_height=&#8220;1.5em&#8220; background_enable_color=&#8220;off&#8220; button_text_color=&#8220;gcid-b74dc959-ac8c-449b-a70c-d11672f3cfe7&#8243; text_orientation=&#8220;left&#8220; background_layout=&#8220;light&#8220; custom_margin=&#8220;||3em||false|false&#8220; custom_padding=&#8220;0px|0px|0px|0px|true|true&#8220; hover_enabled=&#8220;0&#8243; header_font_size_tablet=&#8220;3.5vw&#8220; header_font_size_phone=&#8220;5vw&#8220; header_font_size_last_edited=&#8220;on|desktop&#8220; body_font_size_tablet=&#8220;19px&#8220; body_font_size_phone=&#8220;17px&#8220; body_font_size_last_edited=&#8220;on|phone&#8220; custom_css_promo_description=&#8220;margin-bottom: 20px;&#8220; custom_css_promo_title=&#8220;margin-bottom: 10px;&#8220; global_colors_info=&#8220;{%22gcid-b74dc959-ac8c-449b-a70c-d11672f3cfe7%22:%91%22button_text_color%22,%22button_text_color%22,%22button_text_color%22,%22button_text_color%22,%22button_text_color%22,%22button_text_color%22,%22button_text_color%22,%22button_text_color%22,%22button_text_color%22,%22button_text_color%22,%22button_text_color%22,%22button_text_color%22,%22button_text_color%22,%22button_text_color%22,%22button_text_color%22,%22button_text_color%22,%22button_text_color%22,%22button_text_color%22%93}&#8220; custom_button=&#8220;on&#8220; button_bg_color=&#8220;#00324b&#8220; button_bg_enable_color=&#8220;on&#8220; sticky_enabled=&#8220;0&#8243;]<\/p>\n<p>Wenn sich in der \u00f6ffentlichen Wahrnehmung und Diskussion einer\u00a0<a title=\"Unser Leistungsspektrum beim M&amp;A-Prozess\" href=\"\/de\/mergers-acquisitions\/\">M&amp;A-Transaktion<\/a> der Aspekt Arbeitsplatzabbau nicht ausschlie\u00dfen l\u00e4sst oder aus sonstigen Gr\u00fcnden beispielsweise der potenzielle K\u00e4ufer in einer meinungsstarken Stakeholder-Gruppe unbeliebt ist, droht eine emotional aufgeladene und tendenzi\u00f6se Berichterstattung \u00fcber den Unternehmenskauf oder die Fusion. Sieht sich ein Unternehmen mit dieser Situation konfrontiert, kann der Einsatz eines Interims-Sprechers der richtige Schritt sein.<\/p>\n<p>[\/et_pb_cta][et_pb_cta title=&#8220;Interims-Sprecher entlastet Projektteam in Medienfragen&#8220; button_url=&#8220;\/de\/cometis-ag\/referenzen\/esg-referenzen\/&#8220; module_class=&#8220;et-js-tiltb&#8220; _builder_version=&#8220;4.16&#8243; _module_preset=&#8220;default&#8220; header_font=&#8220;|700||on|||||&#8220; header_font_size=&#8220;2.15vw&#8220; body_font=&#8220;|300|||||||&#8220; body_font_size=&#8220;20px&#8220; body_line_height=&#8220;1.5em&#8220; background_enable_color=&#8220;off&#8220; text_orientation=&#8220;left&#8220; background_layout=&#8220;light&#8220; custom_margin=&#8220;||3em||false|false&#8220; custom_padding=&#8220;0px|0px|0px|0px|true|true&#8220; header_font_size_tablet=&#8220;3.5vw&#8220; header_font_size_phone=&#8220;5vw&#8220; header_font_size_last_edited=&#8220;on|desktop&#8220; body_font_size_tablet=&#8220;19px&#8220; body_font_size_phone=&#8220;17px&#8220; body_font_size_last_edited=&#8220;on|phone&#8220; custom_css_promo_description=&#8220;margin-bottom: 20px;&#8220; custom_css_promo_title=&#8220;margin-bottom: 10px;&#8220; global_colors_info=&#8220;{%22gcid-b74dc959-ac8c-449b-a70c-d11672f3cfe7%22:%91%22button_text_color%22,%22button_text_color%22,%22button_text_color%22,%22button_text_color%22,%22button_text_color%22,%22button_text_color%22,%22button_text_color%22,%22button_text_color%22,%22button_text_color%22,%22button_text_color%22,%22button_text_color%22,%22button_text_color%22,%22button_text_color%22,%22button_text_color%22,%22button_text_color%22,%22button_text_color%22,%22button_text_color%22,%22button_text_color%22%93}&#8220;]<\/p>\n<p>Eine im Umgang mit Medien ge\u00fcbte Person mit der notwendigen Erfahrung und Professionalit\u00e4t verst\u00e4rkt kurzfristig das f\u00fcr die M&amp;A-Transaktion aufgestellte Projektteam und kann sich ausschlie\u00dflich auf die L\u00f6sung dieser Herausforderung konzentrieren.<\/p>\n<p>[\/et_pb_cta][et_pb_cta title=&#8220;Das Top-Management aus der Schusslinie nehmen&#8220; button_url=&#8220;\/de\/cometis-ag\/referenzen\/esg-referenzen\/&#8220; module_class=&#8220;et-js-tiltb&#8220; _builder_version=&#8220;4.16&#8243; _module_preset=&#8220;default&#8220; header_font=&#8220;|700||on|||||&#8220; header_font_size=&#8220;2.15vw&#8220; body_font=&#8220;|300|||||||&#8220; body_font_size=&#8220;20px&#8220; body_line_height=&#8220;1.5em&#8220; body_link_text_color=&#8220;#03314B&#8220; background_enable_color=&#8220;off&#8220; text_orientation=&#8220;left&#8220; background_layout=&#8220;light&#8220; custom_margin=&#8220;||3em||false|false&#8220; custom_padding=&#8220;0px|0px|0px|0px|true|true&#8220; header_font_size_tablet=&#8220;3.5vw&#8220; header_font_size_phone=&#8220;5vw&#8220; header_font_size_last_edited=&#8220;on|desktop&#8220; body_font_size_tablet=&#8220;19px&#8220; body_font_size_phone=&#8220;17px&#8220; body_font_size_last_edited=&#8220;on|phone&#8220; custom_css_promo_description=&#8220;margin-bottom: 20px;&#8220; custom_css_promo_title=&#8220;margin-bottom: 10px;&#8220; global_colors_info=&#8220;{%22gcid-b74dc959-ac8c-449b-a70c-d11672f3cfe7%22:%91%22button_text_color%22,%22button_text_color%22,%22button_text_color%22,%22button_text_color%22,%22button_text_color%22,%22button_text_color%22,%22button_text_color%22,%22button_text_color%22,%22button_text_color%22,%22button_text_color%22,%22button_text_color%22,%22button_text_color%22,%22button_text_color%22,%22button_text_color%22,%22button_text_color%22,%22button_text_color%22,%22button_text_color%22,%22button_text_color%22%93,%22gcid-8475ae85-c28b-4b02-b75d-2b73a5cd89f2%22:%91%22body_link_text_color__hover%22%93}&#8220; body_link_text_color__hover_enabled=&#8220;on|hover&#8220; body_link_text_color__hover=&#8220;rgba(3,49,75,0.75)&#8220;]<\/p>\n<p>Die unmittelbare und regelm\u00e4\u00dfige Medienpr\u00e4senz des Top-Managements kann auf diese Weise \u00fcber einen gewissen Zeitraum reduziert werden. Dadurch wird auf eine personenunabh\u00e4ngige und neutralere Berichterstattung hingewirkt. Die aufkommenden Wogen werden gegl\u00e4ttet \u2013 und das Management kann sich auf den erfolgreichen Abschluss der Transaktion und nicht zuletzt den Fortgang des operativen Gesch\u00e4fts konzentrieren.<\/p>\n<p>[\/et_pb_cta][et_pb_cta title=&#8220;Von der Erfahrung von Kommunikationsprofis profitieren&#8220; button_url=&#8220;\/de\/cometis-ag\/referenzen\/esg-referenzen\/&#8220; module_class=&#8220;et-js-tiltb&#8220; _builder_version=&#8220;4.16&#8243; _module_preset=&#8220;default&#8220; header_font=&#8220;|700||on|||||&#8220; header_font_size=&#8220;2.15vw&#8220; body_font=&#8220;|300|||||||&#8220; body_font_size=&#8220;20px&#8220; body_line_height=&#8220;1.5em&#8220; body_link_text_color=&#8220;#03314B&#8220; background_enable_color=&#8220;off&#8220; text_orientation=&#8220;left&#8220; background_layout=&#8220;light&#8220; custom_margin=&#8220;||3em||false|false&#8220; custom_padding=&#8220;0px|0px|0px|0px|true|true&#8220; header_font_size_tablet=&#8220;3.5vw&#8220; header_font_size_phone=&#8220;5vw&#8220; header_font_size_last_edited=&#8220;on|desktop&#8220; body_font_size_tablet=&#8220;19px&#8220; body_font_size_phone=&#8220;17px&#8220; body_font_size_last_edited=&#8220;on|phone&#8220; custom_css_promo_description=&#8220;margin-bottom: 20px;&#8220; custom_css_promo_title=&#8220;margin-bottom: 10px;&#8220; global_colors_info=&#8220;{%22gcid-b74dc959-ac8c-449b-a70c-d11672f3cfe7%22:%91%22button_text_color%22,%22button_text_color%22,%22button_text_color%22,%22button_text_color%22,%22button_text_color%22,%22button_text_color%22,%22button_text_color%22,%22button_text_color%22,%22button_text_color%22,%22button_text_color%22,%22button_text_color%22,%22button_text_color%22,%22button_text_color%22,%22button_text_color%22,%22button_text_color%22,%22button_text_color%22,%22button_text_color%22,%22button_text_color%22%93,%22gcid-8475ae85-c28b-4b02-b75d-2b73a5cd89f2%22:%91%22body_link_text_color__hover%22%93}&#8220; body_link_text_color__hover_enabled=&#8220;on|hover&#8220; body_link_text_color__hover=&#8220;rgba(3,49,75,0.75)&#8220;]<\/p>\n<p>,Als Spezialist f\u00fcr strategische <a title=\"Optimale Finanz-PR f\u00fcr Ihr Unternehmen\" href=\"\/de\/finanz-pr\/\">Finanz-,<\/a> <a href=\"https:\/\/dev.cometis.deservices\/esg\/\">ESG-<\/a> und <a title=\"Unsere Investor Relations Dienstleistungen\" href=\"\/de\/investor-relations\/\">Unternehmenskommunikation<\/a>\u00a0bringt das Team der\u00a0<a title=\"Investor Relations Agentur f\u00fcr Finanzkommunikation\" href=\"\/de\/\">cometis AG<\/a>\u00a0umfangreiche Erfahrung und Professionalit\u00e4t mit, um Ihnen und Ihrem Unternehmen in einer solchen Situation zur Seite zu stehen. Z\u00f6gern Sie nicht, uns auch kurzfristig zu diesem Thema zu kontaktieren!<\/p>\n<p>[\/et_pb_cta][\/et_pb_column_inner][\/et_pb_row_inner][\/et_pb_column][\/et_pb_section][et_pb_section fb_built=&#8220;1&#8243; disabled_on=&#8220;on|off|off&#8220; _builder_version=&#8220;4.16&#8243; _module_preset=&#8220;default&#8220; positioning=&#8220;absolute&#8220; position_origin_a=&#8220;bottom_center&#8220; position_origin_f=&#8220;center_center&#8220; z_index=&#8220;1&#8243; position_origin_a_tablet=&#8220;center_center&#8220; position_origin_a_phone=&#8220;center_center&#8220; position_origin_a_last_edited=&#8220;on|tablet&#8220; position_origin_f_tablet=&#8220;center_center&#8220; position_origin_f_phone=&#8220;center_center&#8220; position_origin_f_last_edited=&#8220;on|tablet&#8220; position_origin_r_tablet=&#8220;&#8220; position_origin_r_phone=&#8220;&#8220; position_origin_r_last_edited=&#8220;on|tablet&#8220; width=&#8220;100%&#8220; max_width=&#8220;100%&#8220; height_tablet=&#8220;100vh&#8220; height_phone=&#8220;100vh&#8220; height_last_edited=&#8220;on|phone&#8220; scroll_vertical_motion_enable=&#8220;on&#8220; scroll_vertical_motion=&#8220;0|50|50|100|2.5|0|-2.5&#8243; positioning_tablet=&#8220;absolute&#8220; positioning_phone=&#8220;absolute&#8220; positioning_last_edited=&#8220;on|tablet&#8220; custom_css_main_element=&#8220;left: 0% !important;&#8220; da_disable_devices=&#8220;off|off|off&#8220; locked=&#8220;off&#8220; global_colors_info=&#8220;{}&#8220; da_is_popup=&#8220;off&#8220; da_exit_intent=&#8220;off&#8220; da_has_close=&#8220;on&#8220; da_alt_close=&#8220;off&#8220; da_dark_close=&#8220;off&#8220; da_not_modal=&#8220;on&#8220; da_is_singular=&#8220;off&#8220; da_with_loader=&#8220;off&#8220; da_has_shadow=&#8220;on&#8220;][et_pb_row _builder_version=&#8220;4.16&#8243; _module_preset=&#8220;default&#8220; background_color=&#8220;RGBA(255,255,255,0)&#8220; width=&#8220;100%&#8220; max_width=&#8220;100%&#8220; module_alignment=&#8220;center&#8220; global_colors_info=&#8220;{}&#8220;][et_pb_column type=&#8220;4_4&#8243; _builder_version=&#8220;4.16&#8243; _module_preset=&#8220;default&#8220; global_colors_info=&#8220;{}&#8220;][et_pb_image src=&#8220;https:\/\/dev.cometis.de\/wp-content\/uploads\/2022\/02\/Investor-Relation-Background-Shape.png&#8220; title_text=&#8220;Investor-Relation-Background-Shape&#8220; show_bottom_space=&#8220;off&#8220; align=&#8220;center&#8220; _builder_version=&#8220;4.16&#8243; _module_preset=&#8220;default&#8220; width=&#8220;100%&#8220; custom_margin=&#8220;||30em||false|false&#8220; global_colors_info=&#8220;{}&#8220;][\/et_pb_image][\/et_pb_column][\/et_pb_row][\/et_pb_section][et_pb_section fb_built=&#8220;1&#8243; custom_padding_last_edited=&#8220;on|phone&#8220; admin_label=&#8220;Section&#8220; module_id=&#8220;contact&#8211;section&#8220; _builder_version=&#8220;4.16&#8243; _module_preset=&#8220;default&#8220; background_color=&#8220;#03314B&#8220; z_index=&#8220;2&#8243; width=&#8220;80%&#8220; width_tablet=&#8220;100%&#8220; width_phone=&#8220;100%&#8220; width_last_edited=&#8220;on|tablet&#8220; module_alignment=&#8220;center&#8220; custom_padding=&#8220;4em|4vw|4em|4vw|true|true&#8220; custom_padding_tablet=&#8220;4em|4em|4em|4em|true|true&#8220; custom_padding_phone=&#8220;4em|1em|4em|1em|true|true&#8220; top_divider_height=&#8220;444px&#8220; top_divider_repeat=&#8220;1x&#8220; da_popup_slug=&#8220;contact-section&#8220; da_disable_devices=&#8220;off|off|off&#8220; global_module=&#8220;43723&#8243; saved_tabs=&#8220;all&#8220; locked=&#8220;off&#8220; global_colors_info=&#8220;{}&#8220; da_is_popup=&#8220;off&#8220; da_exit_intent=&#8220;off&#8220; da_has_close=&#8220;on&#8220; da_alt_close=&#8220;off&#8220; da_dark_close=&#8220;off&#8220; da_not_modal=&#8220;on&#8220; da_is_singular=&#8220;off&#8220; da_with_loader=&#8220;off&#8220; da_has_shadow=&#8220;on&#8220;][et_pb_row use_custom_gutter=&#8220;on&#8220; gutter_width=&#8220;2&#8243; _builder_version=&#8220;4.16&#8243; _module_preset=&#8220;default&#8220; width=&#8220;100%&#8220; custom_padding=&#8220;0px||0px||false|false&#8220; global_colors_info=&#8220;{}&#8220;][et_pb_column type=&#8220;4_4&#8243; _builder_version=&#8220;4.16&#8243; _module_preset=&#8220;default&#8220; background_enable_color=&#8220;off&#8220; custom_padding=&#8220;||||false|false&#8220; global_colors_info=&#8220;{}&#8220;][et_pb_text _builder_version=&#8220;4.16.1&#8243; _module_preset=&#8220;default&#8220; header_2_text_align=&#8220;left&#8220; header_2_text_color=&#8220;#E7C55C&#8220; header_2_font_size=&#8220;5vw&#8220; header_3_font=&#8220;|700|||||||&#8220; header_3_text_color=&#8220;#E7C55C&#8220; header_3_font_size=&#8220;3vw&#8220; custom_margin=&#8220;||||false|false&#8220; custom_padding=&#8220;||||false|false&#8220; header_3_font_size_tablet=&#8220;5vw&#8220; header_3_font_size_phone=&#8220;10vw&#8220; header_3_font_size_last_edited=&#8220;on|tablet&#8220; global_colors_info=&#8220;{}&#8220;]<\/p>\n<h3 style=\"padding-bottom: 0px;\">KONTAKT<\/h3>\n<p>[\/et_pb_text][et_pb_divider color=&#8220;#F0F4F2&#8243; divider_position=&#8220;center&#8220; divider_weight=&#8220;2px&#8220; _builder_version=&#8220;4.16&#8243; _module_preset=&#8220;default&#8220; custom_margin=&#8220;||||false|false&#8220; global_colors_info=&#8220;{}&#8220;][\/et_pb_divider][\/et_pb_column][\/et_pb_row][et_pb_row column_structure=&#8220;1_4,3_4&#8243; _builder_version=&#8220;4.16&#8243; _module_preset=&#8220;default&#8220; width=&#8220;100%&#8220; custom_margin=&#8220;||2em||false|false&#8220; custom_padding=&#8220;2em||2em||true|false&#8220; global_colors_info=&#8220;{}&#8220;][et_pb_column type=&#8220;1_4&#8243; module_id=&#8220;special-footer-column&#8220; _builder_version=&#8220;4.16&#8243; _module_preset=&#8220;default&#8220; global_colors_info=&#8220;{}&#8220; custom_css_main_element_last_edited=&#8220;on|tablet&#8220; custom_css_main_element_tablet=&#8220;width: 30%;&#8220; custom_css_main_element_phone=&#8220;width: 100% !important;&#8220;][et_pb_blurb title=&#8220;Henryk Deter&#8220; image=&#8220;https:\/\/dev.cometis.de\/wp-content\/uploads\/2022\/04\/henryk-deter_sw.jpg&#8220; content_max_width_tablet=&#8220;&#8220; content_max_width_phone=&#8220;&#8220; content_max_width_last_edited=&#8220;on|phone&#8220; _builder_version=&#8220;4.17.0&#8243; _module_preset=&#8220;default&#8220; header_font=&#8220;|600|||||||&#8220; body_text_color=&#8220;gcid-b74dc959-ac8c-449b-a70c-d11672f3cfe7&#8243; body_font_size=&#8220;18px&#8220; body_link_font=&#8220;|600|||on|||#FFFFFF|&#8220; body_link_text_color=&#8220;#ffffff&#8220; body_link_line_height=&#8220;1.2em&#8220; background_layout=&#8220;dark&#8220; width_tablet=&#8220;&#8220; width_phone=&#8220;&#8220; width_last_edited=&#8220;on|phone&#8220; animation=&#8220;off&#8220; body_font_size_tablet=&#8220;16px&#8220; body_font_size_phone=&#8220;18px&#8220; body_font_size_last_edited=&#8220;on|tablet&#8220; global_colors_info=&#8220;{%22gcid-b74dc959-ac8c-449b-a70c-d11672f3cfe7%22:%91%22body_text_color%22,%22body_text_color%22%93}&#8220;]<\/p>\n<p><a style=\"text-decoration: unset;\" href=\"tel:+49%20611 20 58 55 13\">+49 611 20 58 55 13<\/a><\/p>\n<p><a href=\"mailto:deter@dev.cometis.de\">deter@dev.cometis.de<\/a><\/p>\n<p>[\/et_pb_blurb][\/et_pb_column][et_pb_column type=&#8220;3_4&#8243; _builder_version=&#8220;4.16&#8243; _module_preset=&#8220;default&#8220; global_colors_info=&#8220;{}&#8220; custom_css_main_element_last_edited=&#8220;on|tablet&#8220; custom_css_main_element_tablet=&#8220;width: 65%;||margin-left: 5%;&#8220; custom_css_main_element_phone=&#8220;width: 100%;&#8220;][et_pb_contact_form captcha=&#8220;off&#8220; email=&#8220;deter@dev.cometis.de&#8220; submit_button_text=&#8220;Nachricht ABESENDEN&#8220; admin_label=&#8220;Kontaktformular&#8220; _builder_version=&#8220;4.19.2&#8243; _module_preset=&#8220;default&#8220; _unique_id=&#8220;1ee5f55d-7239-4278-a7c4-c52ffec8bcec&#8220; form_field_background_color=&#8220;gcid-b74dc959-ac8c-449b-a70c-d11672f3cfe7&#8243; form_field_text_color=&#8220;#03314B&#8220; form_field_font=&#8220;|300|||||||&#8220; custom_button=&#8220;on&#8220; button_text_size=&#8220;17px&#8220; button_text_color=&#8220;#03314B&#8220; button_bg_color=&#8220;#E7C55C&#8220; button_border_color=&#8220;#E7C55C&#8220; button_border_radius=&#8220;0px&#8220; button_font=&#8220;|300||on|||||&#8220; button_use_icon=&#8220;off&#8220; button_custom_margin=&#8220;|||26px|false|false&#8220; button_custom_margin_tablet=&#8220;|||10px|false|false&#8220; button_custom_margin_phone=&#8220;|||10px|false|false&#8220; button_custom_margin_last_edited=&#8220;on|phone&#8220; button_custom_padding=&#8220;0.5em|2em|0.5em|2em|true|true&#8220; global_colors_info=&#8220;{%22gcid-b74dc959-ac8c-449b-a70c-d11672f3cfe7%22:%91%22form_field_background_color%22%93}&#8220;][et_pb_contact_field field_id=&#8220;Anrede&#8220; field_title=&#8220;Anrede&#8220; field_type=&#8220;select&#8220; select_options=&#8220;%91{%22value%22:%22Herr%22,%22checked%22:0,%22dragID%22:-1},{%22value%22:%22Frau%22,%22checked%22:0,%22dragID%22:0},{%22value%22:%22Divers%22,%22checked%22:0,%22dragID%22:1},{%22value%22:%22Keine Angabe%22,%22checked%22:0,%22dragID%22:2}%93&#8243; _builder_version=&#8220;4.17.4&#8243; _module_preset=&#8220;default&#8220; global_colors_info=&#8220;{}&#8220;][\/et_pb_contact_field][et_pb_contact_field field_id=&#8220;Ihr_Name&#8220; field_title=&#8220;Ihr Name&#8220; fullwidth_field=&#8220;on&#8220; _builder_version=&#8220;4.16&#8243; global_colors_info=&#8220;{}&#8220; button_text_size__hover_enabled=&#8220;off&#8220; button_one_text_size__hover_enabled=&#8220;off&#8220; button_two_text_size__hover_enabled=&#8220;off&#8220; button_text_color__hover_enabled=&#8220;off&#8220; button_one_text_color__hover_enabled=&#8220;off&#8220; button_two_text_color__hover_enabled=&#8220;off&#8220; button_border_width__hover_enabled=&#8220;off&#8220; button_one_border_width__hover_enabled=&#8220;off&#8220; button_two_border_width__hover_enabled=&#8220;off&#8220; button_border_color__hover_enabled=&#8220;off&#8220; button_one_border_color__hover_enabled=&#8220;off&#8220; button_two_border_color__hover_enabled=&#8220;off&#8220; button_border_radius__hover_enabled=&#8220;off&#8220; button_one_border_radius__hover_enabled=&#8220;off&#8220; button_two_border_radius__hover_enabled=&#8220;off&#8220; button_letter_spacing__hover_enabled=&#8220;off&#8220; button_one_letter_spacing__hover_enabled=&#8220;off&#8220; button_two_letter_spacing__hover_enabled=&#8220;off&#8220; button_bg_color__hover_enabled=&#8220;off&#8220; button_one_bg_color__hover_enabled=&#8220;off&#8220; button_two_bg_color__hover_enabled=&#8220;off&#8220;][\/et_pb_contact_field][et_pb_contact_field field_id=&#8220;e-mail&#8220; field_title=&#8220;Ihre E-Mail-Adresse&#8220; field_type=&#8220;email&#8220; fullwidth_field=&#8220;on&#8220; _builder_version=&#8220;4.16&#8243; global_colors_info=&#8220;{}&#8220; button_text_size__hover_enabled=&#8220;off&#8220; button_one_text_size__hover_enabled=&#8220;off&#8220; button_two_text_size__hover_enabled=&#8220;off&#8220; button_text_color__hover_enabled=&#8220;off&#8220; button_one_text_color__hover_enabled=&#8220;off&#8220; button_two_text_color__hover_enabled=&#8220;off&#8220; button_border_width__hover_enabled=&#8220;off&#8220; button_one_border_width__hover_enabled=&#8220;off&#8220; button_two_border_width__hover_enabled=&#8220;off&#8220; button_border_color__hover_enabled=&#8220;off&#8220; button_one_border_color__hover_enabled=&#8220;off&#8220; button_two_border_color__hover_enabled=&#8220;off&#8220; button_border_radius__hover_enabled=&#8220;off&#8220; button_one_border_radius__hover_enabled=&#8220;off&#8220; button_two_border_radius__hover_enabled=&#8220;off&#8220; button_letter_spacing__hover_enabled=&#8220;off&#8220; button_one_letter_spacing__hover_enabled=&#8220;off&#8220; button_two_letter_spacing__hover_enabled=&#8220;off&#8220; button_bg_color__hover_enabled=&#8220;off&#8220; button_one_bg_color__hover_enabled=&#8220;off&#8220; button_two_bg_color__hover_enabled=&#8220;off&#8220;][\/et_pb_contact_field][et_pb_contact_field field_id=&#8220;Ihre_Nachricht&#8220; field_title=&#8220;Ihre Nachricht&#8220; field_type=&#8220;text&#8220; fullwidth_field=&#8220;on&#8220; _builder_version=&#8220;4.16&#8243; global_colors_info=&#8220;{}&#8220; button_text_size__hover_enabled=&#8220;off&#8220; button_one_text_size__hover_enabled=&#8220;off&#8220; button_two_text_size__hover_enabled=&#8220;off&#8220; button_text_color__hover_enabled=&#8220;off&#8220; button_one_text_color__hover_enabled=&#8220;off&#8220; button_two_text_color__hover_enabled=&#8220;off&#8220; button_border_width__hover_enabled=&#8220;off&#8220; button_one_border_width__hover_enabled=&#8220;off&#8220; button_two_border_width__hover_enabled=&#8220;off&#8220; button_border_color__hover_enabled=&#8220;off&#8220; button_one_border_color__hover_enabled=&#8220;off&#8220; button_two_border_color__hover_enabled=&#8220;off&#8220; button_border_radius__hover_enabled=&#8220;off&#8220; button_one_border_radius__hover_enabled=&#8220;off&#8220; button_two_border_radius__hover_enabled=&#8220;off&#8220; button_letter_spacing__hover_enabled=&#8220;off&#8220; button_one_letter_spacing__hover_enabled=&#8220;off&#8220; button_two_letter_spacing__hover_enabled=&#8220;off&#8220; button_bg_color__hover_enabled=&#8220;off&#8220; button_one_bg_color__hover_enabled=&#8220;off&#8220; button_two_bg_color__hover_enabled=&#8220;off&#8220;][\/et_pb_contact_field][et_pb_contact_field field_id=&#8220;Datenschutzbestimmungen&#8220; field_title=&#8220;Datenschutzbestimmungen akzeptiert&#8220; field_type=&#8220;checkbox&#8220; checkbox_options=&#8220;%91{%22value%22:%22Datenschutzbestimmungen akzeptiert%22,%22checked%22:0,%22dragID%22:-1,%22link_url%22:%22\/de\/datenschutz\/%22,%22link_text%22:%22%22}%93&#8243; fullwidth_field=&#8220;on&#8220; _builder_version=&#8220;4.19.2&#8243; _module_preset=&#8220;default&#8220; form_field_text_color=&#8220;#FFFFFF&#8220; global_colors_info=&#8220;{%22gcid-b74dc959-ac8c-449b-a70c-d11672f3cfe7%22:%91%22form_field_text_color%22%93}&#8220;][\/et_pb_contact_field][\/et_pb_contact_form][\/et_pb_column][\/et_pb_row][et_pb_row use_custom_gutter=&#8220;on&#8220; gutter_width=&#8220;2&#8243; _builder_version=&#8220;4.19.2&#8243; _module_preset=&#8220;default&#8220; width=&#8220;100%&#8220; custom_padding=&#8220;0px||0px||false|false&#8220; global_colors_info=&#8220;{}&#8220;][et_pb_column type=&#8220;4_4&#8243; _builder_version=&#8220;4.19.2&#8243; _module_preset=&#8220;default&#8220; background_enable_color=&#8220;off&#8220; custom_padding=&#8220;||||false|false&#8220; global_colors_info=&#8220;{}&#8220;][et_pb_text _builder_version=&#8220;4.16.1&#8243; _module_preset=&#8220;default&#8220; header_2_text_align=&#8220;left&#8220; header_2_text_color=&#8220;#E7C55C&#8220; header_2_font_size=&#8220;5vw&#8220; header_3_font=&#8220;|700|||||||&#8220; header_3_text_color=&#8220;#E7C55C&#8220; header_3_font_size=&#8220;3vw&#8220; custom_margin=&#8220;||||false|false&#8220; custom_padding=&#8220;||||false|false&#8220; header_3_font_size_tablet=&#8220;5vw&#8220; header_3_font_size_phone=&#8220;10vw&#8220; header_3_font_size_last_edited=&#8220;on|tablet&#8220; global_colors_info=&#8220;{}&#8220;]<\/p>\n<h3 style=\"padding-bottom: 0px;\">ANFAHRT<\/h3>\n<p>[\/et_pb_text][et_pb_divider color=&#8220;#F0F4F2&#8243; divider_position=&#8220;center&#8220; divider_weight=&#8220;2px&#8220; _builder_version=&#8220;4.16&#8243; _module_preset=&#8220;default&#8220; custom_margin=&#8220;||||false|false&#8220; global_colors_info=&#8220;{}&#8220;][\/et_pb_divider][\/et_pb_column][\/et_pb_row][et_pb_row column_structure=&#8220;1_4,3_4&#8243; _builder_version=&#8220;4.16&#8243; _module_preset=&#8220;default&#8220; width=&#8220;100%&#8220; custom_margin=&#8220;||||false|false&#8220; custom_padding=&#8220;2em||2em||true|false&#8220; global_colors_info=&#8220;{}&#8220;][et_pb_column type=&#8220;1_4&#8243; module_id=&#8220;special-footer-column&#8220; _builder_version=&#8220;4.16&#8243; _module_preset=&#8220;default&#8220; global_colors_info=&#8220;{}&#8220; custom_css_main_element_last_edited=&#8220;on|tablet&#8220; custom_css_main_element_tablet=&#8220;width: 30%;&#8220; custom_css_main_element_phone=&#8220;width: 100% !important;&#8220;][et_pb_blurb icon_alignment=&#8220;left&#8220; _builder_version=&#8220;4.17.0&#8243; _module_preset=&#8220;default&#8220; body_font=&#8220;|600|||||||&#8220; body_text_color=&#8220;gcid-b74dc959-ac8c-449b-a70c-d11672f3cfe7&#8243; body_font_size=&#8220;18px&#8220; body_line_height=&#8220;1.5em&#8220; body_link_font=&#8220;|600||||||#F0F4F2|&#8220; body_link_text_color=&#8220;#ffffff&#8220; body_link_line_height=&#8220;1.2em&#8220; background_layout=&#8220;dark&#8220; animation=&#8220;off&#8220; body_font_size_tablet=&#8220;15px&#8220; body_font_size_phone=&#8220;18px&#8220; body_font_size_last_edited=&#8220;on|tablet&#8220; custom_css_blurb_image=&#8220;filter: grayscale(1);&#8220; global_colors_info=&#8220;{%22gcid-b74dc959-ac8c-449b-a70c-d11672f3cfe7%22:%91%22body_text_color%22,%22body_text_color%22%93}&#8220;]<\/p>\n<p><span>cometis AG<\/span><\/p>\n<p><span>Unter den Eichen 7<br \/><\/span><span>65195 Wiesbaden<\/p>\n<p><\/span><span><\/span><span>Tel.: <\/span><a href=\"tel:+ 49 611 20 58 55 0\">+ 49 611 20 58 55 0<\/a><br \/><span style=\"line-height: 1.2em;\">Fax: + 49 611 20 58 55 66<\/span><\/p>\n<p>[\/et_pb_blurb][\/et_pb_column][et_pb_column type=&#8220;3_4&#8243; _builder_version=&#8220;4.16&#8243; _module_preset=&#8220;default&#8220; global_colors_info=&#8220;{}&#8220; custom_css_main_element_last_edited=&#8220;on|tablet&#8220; custom_css_main_element_tablet=&#8220;width: 65%;||margin-left: 5%;&#8220; custom_css_main_element_phone=&#8220;width: 100%;&#8220;][et_pb_code disabled_on=&#8220;on|off|off&#8220; _builder_version=&#8220;4.17.3&#8243; _module_preset=&#8220;default&#8220; locked=&#8220;off&#8220; global_colors_info=&#8220;{}&#8220;]<\/p>\n<div id=\"footer--map\"><!-- [et_pb_line_break_holder] -->  <iframe src=\"https:\/\/snazzymaps.com\/embed\/381171\" width=\"100%\" height=\"450\" style=\"border:none;\"><\/iframe><!-- [et_pb_line_break_holder] --><\/div>\n<p>[\/et_pb_code][et_pb_code disabled_on=&#8220;off|on|on&#8220; _builder_version=&#8220;4.17.3&#8243; _module_preset=&#8220;default&#8220; locked=&#8220;off&#8220; global_colors_info=&#8220;{}&#8220;]<iframe src=\"https:\/\/snazzymaps.com\/embed\/381171\" width=\"100%\" height=\"250\" style=\"border:none;\"><\/iframe>[\/et_pb_code][\/et_pb_column][\/et_pb_row][\/et_pb_section]<\/p>\n","protected":false},"excerpt":{"rendered":"<p>Interims Sprecher<div class=\"et_pb_module lwp_divi_breadcrumbs lwp_divi_breadcrumbs_0\">\n\t\t\t\t\n\t\t\t\t\n\t\t\t\t\n\t\t\t\t\n\t\t\t\t\n\t\t\t\t\n\t\t\t\t<div class=\"et_pb_module_inner\">\n\t\t\t\t\t<div class=\"lwp-breadcrumbs\"> <span class=\"before\"><\/span> <span vocab=\"https:\/\/schema.org\/\" typeof=\"BreadcrumbList\"><span property=\"itemListElement\" typeof=\"ListItem\"><a property=\"item\" typeof=\"WebPage\" href=\"https:\/\/dev.cometis.de\/de\/\" class=\"home\"><span property=\"name\">Home<\/span><\/a><meta property=\"position\" content=\"1\"><\/span> <span class=\"separator et-pb-icon\">&#x39;<\/span> <\/span><\/div>\n\t\t\t\t<\/div>\n\t\t\t<\/div>Wenn sich in der \u00f6ffentlichen Wahrnehmung und Diskussion einer\u00a0M&amp;A-Transaktion der Aspekt Arbeitsplatzabbau nicht ausschlie\u00dfen l\u00e4sst oder aus sonstigen Gr\u00fcnden beispielsweise der potenzielle K\u00e4ufer in einer meinungsstarken Stakeholder-Gruppe unbeliebt ist, droht eine emotional aufgeladene und tendenzi\u00f6se Berichterstattung \u00fcber den Unternehmenskauf oder die Fusion. Sieht sich ein Unternehmen mit dieser Situation [&hellip;]<\/p>\n","protected":false},"author":24813,"featured_media":0,"parent":401,"menu_order":2,"comment_status":"closed","ping_status":"closed","template":"","meta":{"_acf_changed":false,"_et_pb_use_builder":"on","_et_pb_old_content":"","_et_gb_content_width":"","inline_featured_image":false,"footnotes":""},"class_list":["post-413","page","type-page","status-publish","hentry"],"acf":[],"yoast_head":"<!-- This site is optimized with the Yoast SEO plugin v24.5 - https:\/\/yoast.com\/wordpress\/plugins\/seo\/ -->\n<title>Interims-Sprecher \u2013 ge\u00fcbt im Umgang mit Medien | cometis AG<\/title>\n<meta name=\"description\" content=\"Bei M&amp;A agiert die cometis AG als Ihr Interims-Sprecher und sorgt als Sprachrohr nach au\u00dfen f\u00fcr eine souver\u00e4ne und einheitliche Kommunikation.\" \/>\n<meta name=\"robots\" content=\"noindex, follow, max-snippet:-1, max-image-preview:large, max-video-preview:-1\" \/>\n<meta property=\"og:locale\" content=\"de_DE\" \/>\n<meta property=\"og:type\" content=\"article\" \/>\n<meta property=\"og:title\" content=\"Interims-Sprecher \u2013 ge\u00fcbt im Umgang mit Medien | cometis AG\" \/>\n<meta property=\"og:description\" content=\"Bei M&amp;A agiert die cometis AG als Ihr Interims-Sprecher und sorgt als Sprachrohr nach au\u00dfen f\u00fcr eine souver\u00e4ne und einheitliche Kommunikation.\" \/>\n<meta property=\"og:url\" content=\"https:\/\/dev.cometis.de\/de\/services\/mergers-acquisitions\/interims-sprecher\/\" \/>\n<meta property=\"og:site_name\" content=\"cometis AG\" \/>\n<meta property=\"article:modified_time\" content=\"2024-01-28T17:44:57+00:00\" \/>\n<meta property=\"og:image\" content=\"https:\/\/dev.cometis.de\/wp-content\/uploads\/2022\/01\/Cometis-Mobile-Logo-1.png\" \/>\n\t<meta property=\"og:image:width\" content=\"171\" \/>\n\t<meta property=\"og:image:height\" content=\"31\" \/>\n\t<meta property=\"og:image:type\" content=\"image\/png\" \/>\n<meta name=\"twitter:card\" content=\"summary_large_image\" \/>\n<meta name=\"twitter:label1\" content=\"Gesch\u00e4tzte Lesezeit\" \/>\n\t<meta name=\"twitter:data1\" content=\"18\u00a0Minuten\" \/>\n<script type=\"application\/ld+json\" class=\"yoast-schema-graph\">{\"@context\":\"https:\/\/schema.org\",\"@graph\":[{\"@type\":\"WebPage\",\"@id\":\"https:\/\/dev.cometis.de\/de\/services\/mergers-acquisitions\/interims-sprecher\/\",\"url\":\"https:\/\/dev.cometis.de\/de\/services\/mergers-acquisitions\/interims-sprecher\/\",\"name\":\"Interims-Sprecher \u2013 ge\u00fcbt im Umgang mit Medien | cometis AG\",\"isPartOf\":{\"@id\":\"https:\/\/dev.cometis.de\/de\/#website\"},\"datePublished\":\"2016-09-08T13:01:49+00:00\",\"dateModified\":\"2024-01-28T17:44:57+00:00\",\"description\":\"Bei M&A agiert die cometis AG als Ihr Interims-Sprecher und sorgt als Sprachrohr nach au\u00dfen f\u00fcr eine souver\u00e4ne und einheitliche Kommunikation.\",\"breadcrumb\":{\"@id\":\"https:\/\/dev.cometis.de\/de\/services\/mergers-acquisitions\/interims-sprecher\/#breadcrumb\"},\"inLanguage\":\"de\",\"potentialAction\":[{\"@type\":\"ReadAction\",\"target\":[\"https:\/\/dev.cometis.de\/de\/services\/mergers-acquisitions\/interims-sprecher\/\"]}]},{\"@type\":\"BreadcrumbList\",\"@id\":\"https:\/\/dev.cometis.de\/de\/services\/mergers-acquisitions\/interims-sprecher\/#breadcrumb\",\"itemListElement\":[{\"@type\":\"ListItem\",\"position\":1,\"name\":\"Services\",\"item\":\"https:\/\/dev.cometis.de\/de\/services\/\"},{\"@type\":\"ListItem\",\"position\":2,\"name\":\"Mergers &#038; Acquisitions\",\"item\":\"https:\/\/dev.cometis.de\/de\/services\/mergers-acquisitions\/\"},{\"@type\":\"ListItem\",\"position\":3,\"name\":\"Interims-Sprecher\"}]},{\"@type\":\"WebSite\",\"@id\":\"https:\/\/dev.cometis.de\/de\/#website\",\"url\":\"https:\/\/dev.cometis.de\/de\/\",\"name\":\"cometis AG\",\"description\":\"Deutschlands f\u00fchrende Investor Relations Agentur\",\"publisher\":{\"@id\":\"https:\/\/dev.cometis.de\/de\/#organization\"},\"potentialAction\":[{\"@type\":\"SearchAction\",\"target\":{\"@type\":\"EntryPoint\",\"urlTemplate\":\"https:\/\/dev.cometis.de\/de\/?s={search_term_string}\"},\"query-input\":{\"@type\":\"PropertyValueSpecification\",\"valueRequired\":true,\"valueName\":\"search_term_string\"}}],\"inLanguage\":\"de\"},{\"@type\":\"Organization\",\"@id\":\"https:\/\/dev.cometis.de\/de\/#organization\",\"name\":\"cometis AG\",\"alternateName\":\"Deutschlands f\u00fchrende Investor Relations Agentur\",\"url\":\"https:\/\/dev.cometis.de\/de\/\",\"logo\":{\"@type\":\"ImageObject\",\"inLanguage\":\"de\",\"@id\":\"https:\/\/dev.cometis.de\/de\/#\/schema\/logo\/image\/\",\"url\":\"https:\/\/dev.cometis.de\/wp-content\/uploads\/2022\/01\/Cometis-Mobile-Logo-1.png\",\"contentUrl\":\"https:\/\/dev.cometis.de\/wp-content\/uploads\/2022\/01\/Cometis-Mobile-Logo-1.png\",\"width\":171,\"height\":31,\"caption\":\"cometis AG\"},\"image\":{\"@id\":\"https:\/\/dev.cometis.de\/de\/#\/schema\/logo\/image\/\"}}]}<\/script>\n<!-- \/ Yoast SEO plugin. -->","yoast_head_json":{"title":"Interims-Sprecher \u2013 ge\u00fcbt im Umgang mit Medien | cometis AG","description":"Bei M&A agiert die cometis AG als Ihr Interims-Sprecher und sorgt als Sprachrohr nach au\u00dfen f\u00fcr eine souver\u00e4ne und einheitliche Kommunikation.","robots":{"index":"noindex","follow":"follow","max-snippet":"max-snippet:-1","max-image-preview":"max-image-preview:large","max-video-preview":"max-video-preview:-1"},"og_locale":"de_DE","og_type":"article","og_title":"Interims-Sprecher \u2013 ge\u00fcbt im Umgang mit Medien | cometis AG","og_description":"Bei M&A agiert die cometis AG als Ihr Interims-Sprecher und sorgt als Sprachrohr nach au\u00dfen f\u00fcr eine souver\u00e4ne und einheitliche Kommunikation.","og_url":"https:\/\/dev.cometis.de\/de\/services\/mergers-acquisitions\/interims-sprecher\/","og_site_name":"cometis AG","article_modified_time":"2024-01-28T17:44:57+00:00","og_image":[{"width":171,"height":31,"url":"https:\/\/dev.cometis.de\/wp-content\/uploads\/2022\/01\/Cometis-Mobile-Logo-1.png","type":"image\/png"}],"twitter_card":"summary_large_image","twitter_misc":{"Gesch\u00e4tzte Lesezeit":"18\u00a0Minuten"},"schema":{"@context":"https:\/\/schema.org","@graph":[{"@type":"WebPage","@id":"https:\/\/dev.cometis.de\/de\/services\/mergers-acquisitions\/interims-sprecher\/","url":"https:\/\/dev.cometis.de\/de\/services\/mergers-acquisitions\/interims-sprecher\/","name":"Interims-Sprecher \u2013 ge\u00fcbt im Umgang mit Medien | cometis AG","isPartOf":{"@id":"https:\/\/dev.cometis.de\/de\/#website"},"datePublished":"2016-09-08T13:01:49+00:00","dateModified":"2024-01-28T17:44:57+00:00","description":"Bei M&A agiert die cometis AG als Ihr Interims-Sprecher und sorgt als Sprachrohr nach au\u00dfen f\u00fcr eine souver\u00e4ne und einheitliche Kommunikation.","breadcrumb":{"@id":"https:\/\/dev.cometis.de\/de\/services\/mergers-acquisitions\/interims-sprecher\/#breadcrumb"},"inLanguage":"de","potentialAction":[{"@type":"ReadAction","target":["https:\/\/dev.cometis.de\/de\/services\/mergers-acquisitions\/interims-sprecher\/"]}]},{"@type":"BreadcrumbList","@id":"https:\/\/dev.cometis.de\/de\/services\/mergers-acquisitions\/interims-sprecher\/#breadcrumb","itemListElement":[{"@type":"ListItem","position":1,"name":"Services","item":"https:\/\/dev.cometis.de\/de\/services\/"},{"@type":"ListItem","position":2,"name":"Mergers &#038; Acquisitions","item":"https:\/\/dev.cometis.de\/de\/services\/mergers-acquisitions\/"},{"@type":"ListItem","position":3,"name":"Interims-Sprecher"}]},{"@type":"WebSite","@id":"https:\/\/dev.cometis.de\/de\/#website","url":"https:\/\/dev.cometis.de\/de\/","name":"cometis AG","description":"Deutschlands f\u00fchrende Investor Relations Agentur","publisher":{"@id":"https:\/\/dev.cometis.de\/de\/#organization"},"potentialAction":[{"@type":"SearchAction","target":{"@type":"EntryPoint","urlTemplate":"https:\/\/dev.cometis.de\/de\/?s={search_term_string}"},"query-input":{"@type":"PropertyValueSpecification","valueRequired":true,"valueName":"search_term_string"}}],"inLanguage":"de"},{"@type":"Organization","@id":"https:\/\/dev.cometis.de\/de\/#organization","name":"cometis AG","alternateName":"Deutschlands f\u00fchrende Investor Relations Agentur","url":"https:\/\/dev.cometis.de\/de\/","logo":{"@type":"ImageObject","inLanguage":"de","@id":"https:\/\/dev.cometis.de\/de\/#\/schema\/logo\/image\/","url":"https:\/\/dev.cometis.de\/wp-content\/uploads\/2022\/01\/Cometis-Mobile-Logo-1.png","contentUrl":"https:\/\/dev.cometis.de\/wp-content\/uploads\/2022\/01\/Cometis-Mobile-Logo-1.png","width":171,"height":31,"caption":"cometis AG"},"image":{"@id":"https:\/\/dev.cometis.de\/de\/#\/schema\/logo\/image\/"}}]}},"_links":{"self":[{"href":"https:\/\/dev.cometis.de\/de\/wp-json\/wp\/v2\/pages\/413","targetHints":{"allow":["GET"]}}],"collection":[{"href":"https:\/\/dev.cometis.de\/de\/wp-json\/wp\/v2\/pages"}],"about":[{"href":"https:\/\/dev.cometis.de\/de\/wp-json\/wp\/v2\/types\/page"}],"author":[{"embeddable":true,"href":"https:\/\/dev.cometis.de\/de\/wp-json\/wp\/v2\/users\/24813"}],"replies":[{"embeddable":true,"href":"https:\/\/dev.cometis.de\/de\/wp-json\/wp\/v2\/comments?post=413"}],"version-history":[{"count":4,"href":"https:\/\/dev.cometis.de\/de\/wp-json\/wp\/v2\/pages\/413\/revisions"}],"predecessor-version":[{"id":95709,"href":"https:\/\/dev.cometis.de\/de\/wp-json\/wp\/v2\/pages\/413\/revisions\/95709"}],"up":[{"embeddable":true,"href":"https:\/\/dev.cometis.de\/de\/wp-json\/wp\/v2\/pages\/401"}],"wp:attachment":[{"href":"https:\/\/dev.cometis.de\/de\/wp-json\/wp\/v2\/media?parent=413"}],"curies":[{"name":"wp","href":"https:\/\/api.w.org\/{rel}","templated":true}]}}